{"id":1114,"date":"2018-12-22T17:48:59","date_gmt":"2018-12-22T17:48:59","guid":{"rendered":"http:\/\/klub-as.pl\/?page_id=1114"},"modified":"2018-12-22T17:48:59","modified_gmt":"2018-12-22T17:48:59","slug":"rodo","status":"publish","type":"page","link":"http:\/\/klub-as.pl\/?page_id=1114","title":{"rendered":"RODO"},"content":{"rendered":"<p><strong>Informacje w zakresie przetwarzania danych osobowych<\/strong><\/p>\n<p>1. Administratorem twoich danych jest KLUB SPORTOWY AS. Dzia\u0142aj\u0105cy pod nazw\u0105 KLUB SPORTOWY AS . z siedzib\u0105 w Bielsku -Bia\u0142ej ul. Kossaka 6, 43-300, NIP 937-19-57-547 Numer REGON 070726337<\/p>\n<p>2. prawa, kt\u00f3re b\u0119d\u0105 obowi\u0105zywa\u0107 po dniu 25.05.2018 r., to jest po wej\u015bciu w \u017cycie og\u00f3lnego rozporz\u0105dzenie o ochronie danych tzw. RODO, przetwarzanie danych osobowych definiowane jest jako operacj\u0119 lub zestaw operacji wykonywanych na danych osobowych lub zestawach danych osobowych, kt\u00f3re odbywa si\u0119 w spos\u00f3b zautomatyzowany b\u0105d\u017a niezautomatyzowany.<\/p>\n<p>3. Do katalogu czynno\u015bci oznaczaj\u0105cych przetwarzanie danych osobowych zaliczane jest mi\u0119dzy innymi zbieranie, utrwalanie, organizowanie, porz\u0105dkowanie, przechowywanie, adaptowanie lub modyfikowanie, pobieranie, przegl\u0105danie, wykorzystywanie, ujawnianie poprzez przes\u0142anie, rozpowszechnianie lub innego rodzaju udost\u0119pnianie, dopasowywanie lub \u0142\u0105czenie, ograniczanie, usuwanie lub niszczenie.<\/p>\n<p>4. Administrator danych, b\u0119dzie przetwarza\u0142 Twoje dane osobowe zgodnie z obowi\u0105zuj\u0105cym przepisami prawa w zakresie niezb\u0119dnym do wykonania i \u015bwiadczenia us\u0142ug oferowanych przez Administratora, a tak\u017ce w zakresie niezb\u0119dnym do podj\u0119cia przez Administratora dzia\u0142a\u0144 na Twoje \u017c\u0105danie oraz w zakresie niezb\u0119dnym do wype\u0142nienia przez Administratora ci\u0105\u017c\u0105cego obowi\u0105zku prawnego &#8211; przetwarzanie Twoich danych osobowych nast\u0119puje na podstawie przepisu prawa tj. art. 6 ust. 1 lit. b) oraz lit. c) i f). RODO, bez konieczno\u015bci wyra\u017cenia przez Ciebie zgody na przetwarzanie Twoich danych osobowych. W pozosta\u0142ym zakresie podanie przez Ciebie danych osobowych jest dobrowolne. Natomiast w zakresie w jakim zgoda na przetwarzanie Twoich danych osobowych zosta\u0142a wyra\u017cona przez Ciebie wy\u0142\u0105cznie w celach marketingowych podanie przez Ciebie danych osobowych jest dobrowolne, lecz odmowa wyra\u017cenia zgody lub cofni\u0119cie zgody uniemo\u017cliwi Administratorowi informowanie Ciebie o nowych ofertach i promocjach.<\/p>\n<p>5. Administrator danych osobowych przetwarza dane osobowe na czas realizacji cel\u00f3w, w kt\u00f3rym dane te s\u0105 przetwarzane oraz przez okres 10 lat od dnia zako\u0144czenia realizacji cel\u00f3w, w kt\u00f3rych dane te s\u0105 przetwarzane.<\/p>\n<p>6. Przetwarzanie danych osobowych jest zwi\u0105zane ze \u015bwiadczeniem us\u0142ug przez Administratora i jej realizacji zgodnie z tre\u015bci\u0105 art. 6 ust. 1 og\u00f3lnego rozporz\u0105dzenia Parlamentu Europejskiego z dnia 27.04.2016 r., w szczeg\u00f3lno\u015bci na podstawie dobrowolnej i wyra\u017anej zgody, w zakresie niezb\u0119dnym do wykonania umowy, lub do podj\u0119cia dzia\u0142a\u0144 na \u017c\u0105danie osoby, kt\u00f3rej dane dotycz\u0105, przed zawarciem umowy, niezb\u0119dnym do wype\u0142nienia obowi\u0105zku prawnego ci\u0105\u017c\u0105cego na administratorze, niezb\u0119dnej ochrony \u017cywotnych interes\u00f3w osoby, kt\u00f3rej dane dotycz\u0105, lub innej osoby fizycznej, niezb\u0119dnym do wykonania zadania realizowanego w interesie publicznym lub w ramach sprawowania w\u0142adzy publicznej powierzonej administratorowi oraz niezb\u0119dnych cel\u00f3w wynikaj\u0105cych z prawnie uzasadnionych interes\u00f3w realizowanych przez administratora lub przez stron\u0119 trzeci\u0105, z wyj\u0105tkiem sytuacji, w kt\u00f3rych nadrz\u0119dny charakter wobec tych interes\u00f3w maj\u0105 interesy lub podstawowe prawa i wolno\u015bci osoby, kt\u00f3rej dane dotycz\u0105, wymagaj\u0105ce ochrony danych osobowych, w szczeg\u00f3lno\u015bci gdy osoba, kt\u00f3rej dane dotycz\u0105, jest dzieckiem.<\/p>\n<p>7. Odbiorc\u0105 danych osobowych b\u0119d\u0105 osoby fizyczne, osoby prawne, sp\u00f3\u0142ki osobowe, organy publiczne, jednostki lub inne podmioty, kt\u00f3re mog\u0105 otrzyma\u0107 dane osobowe, w ramach konkretnego post\u0119powania zgodnego z prawem Unijnym lub prawem pa\u0144stwa cz\u0142onkowskiego. Dane osobowe b\u0119d\u0105 przekazywane w celu realizacji \u015bwiadczonych us\u0142ug do podmiot\u00f3w wsp\u00f3\u0142pracuj\u0105cych takich jak podwykonawcy, szkoleniowcy czy kancelarie radcowskie i adwokackie w celu realizacji \u015bwiadczonych us\u0142ug, w tym kontakt i pozyskania dodatkowych informacji.<\/p>\n<p>8. Ochrona danych, w tym zasady przetwarzania okre\u015blone s\u0105 w obowi\u0105zuj\u0105cych przepisach prawa, w szczeg\u00f3lno\u015bci w przepisach og\u00f3lnego rozporz\u0105dzenia Unii Europejskiej tzw. RODO, i dotycz\u0105 os\u00f3b fizycznych, kt\u00f3re mi\u0119dzy innymi wyra\u017c\u0105 zgod\u0119 na przetwarzanie swoich danych osobowych, w jednym b\u0105d\u017a wi\u0119kszej liczbie okre\u015blonych cel\u00f3w, kt\u00f3ra jest dobrowolna, konkretna, \u015bwiadoma i jednoznaczna.<\/p>\n<p>9. Zasadno\u015b\u0107 przetwarzania i gromadzenia Twoich danych osobowych jest zwi\u0105zana z dopasowywaniem tre\u015bci us\u0142ug do Twoich potrzeb i oczekiwa\u0144. Co wi\u0119cej zasadno\u015b\u0107 przetwarzania i gromadzenia Twoich danych osobowych jest zwi\u0105zana z zapewnieniem bezpiecze\u0144stwa i udoskonalaniem twoich danych osobowych jak r\u00f3wnie\u017c marketing, kt\u00f3ry jest uzasadniony szeroko rozumianym interesem Administratora. Dane osobowe b\u0119d\u0105 mog\u0142y by\u0107 r\u00f3wnie\u017c przetwarzane w sytuacji, w kt\u00f3rej b\u0119d\u0105 niezb\u0119dne do zawarcia umowy b\u0105d\u017a jej realizacji.<\/p>\n<p>10. Twoim g\u0142\u00f3wnym prawem jest \u017c\u0105danie dost\u0119pu do Twoich danych osobowych, sprostowania, usuni\u0119cia lub ograniczenia ich przetwarzania. Kolejnym Twoim prawem jest mo\u017cliwo\u015b\u0107 przenoszenia Twoich danych, wycofania zgody na przetwarzanie Twoich danych osobowych, jak r\u00f3wnie\u017c zg\u0142oszenie sprzeciwu oraz prawo do wniesienia skargi do organu nadzorczego.<\/p>\n<p>11. Masz prawo wniesienia skargi do w\u0142a\u015bciwego organu nadzorczego w rozumieniu RODO, gdy uznasz, i\u017c przetwarzanie Twoich danych osobowych naruszaj\u0105 obowi\u0105zuj\u0105ce przepisy prawa w szczeg\u00f3lno\u015bci przepisy og\u00f3lnego rozporz\u0105dzenia o ochronie danych osobowych z dnia 27 kwietnia 2016 r., kt\u00f3re b\u0119dzie obowi\u0105zywa\u0107 po dniu 25.05.2018 r.<\/p>\n<p>Z powa\u017caniem<br \/>\nAdministrator danych<\/p>\n","protected":false},"excerpt":{"rendered":"<p>Informacje w zakresie przetwarzania danych osobowych 1. Administratorem twoich danych jest KLUB SPORTOWY AS. Dzia\u0142aj\u0105cy pod nazw\u0105 KLUB SPORTOWY AS [&hellip;]<\/p>\n","protected":false},"author":2,"featured_media":0,"parent":0,"menu_order":0,"comment_status":"closed","ping_status":"closed","template":"","meta":{"footnotes":""},"_links":{"self":[{"href":"http:\/\/klub-as.pl\/index.php?rest_route=\/wp\/v2\/pages\/1114"}],"collection":[{"href":"http:\/\/klub-as.pl\/index.php?rest_route=\/wp\/v2\/pages"}],"about":[{"href":"http:\/\/klub-as.pl\/index.php?rest_route=\/wp\/v2\/types\/page"}],"author":[{"embeddable":true,"href":"http:\/\/klub-as.pl\/index.php?rest_route=\/wp\/v2\/users\/2"}],"replies":[{"embeddable":true,"href":"http:\/\/klub-as.pl\/index.php?rest_route=%2Fwp%2Fv2%2Fcomments&post=1114"}],"version-history":[{"count":1,"href":"http:\/\/klub-as.pl\/index.php?rest_route=\/wp\/v2\/pages\/1114\/revisions"}],"predecessor-version":[{"id":1115,"href":"http:\/\/klub-as.pl\/index.php?rest_route=\/wp\/v2\/pages\/1114\/revisions\/1115"}],"wp:attachment":[{"href":"http:\/\/klub-as.pl\/index.php?rest_route=%2Fwp%2Fv2%2Fmedia&parent=1114"}],"curies":[{"name":"wp","href":"https:\/\/api.w.org\/{rel}","templated":true}]}}